{"id":87,"date":"2021-11-16T10:19:38","date_gmt":"2021-11-16T09:19:38","guid":{"rendered":"https:\/\/legrenierdelamarmotte.fr\/2021\/?page_id=87"},"modified":"2023-11-06T15:43:30","modified_gmt":"2023-11-06T14:43:30","slug":"la-brocante-pezenas","status":"publish","type":"page","link":"https:\/\/legrenierdelamarmotte.fr\/2021\/la-brocante-pezenas\/","title":{"rendered":"La Brocante"},"content":{"rendered":"<p><\/p>\n\n\n<h4 class=\"has-text-align-center\">Actuellement \u00e0 la boutique<\/h4>\n\n\n\n<div class=\"wp-block-nextend-smartslider3\"><\/div>\n\n\n\n<p><\/p>\n\n\n\n<h5>Je suis sp\u00e9cialiste du si\u00e8ge en Brocante.<br>Vous trouverez, donc, tout type de mobilier \u00e0 chiner, restaurer ou personnaliser.<\/h5>\n\n\n<!-- index.php -->\n<div\n\tclass=\"ngg-galleryoverview\"\n\tid=\"ngg-gallery-c9442097f1a37c7da1b0e48986979081-1\">\n\n    \t\t<!-- Thumbnails -->\n\t\t\t\t<div id=\"ngg-image-0\" class=\"ngg-gallery-thumbnail-box\" >\n\t\t\t\t        <div class=\"ngg-gallery-thumbnail\">\n            <a href=\"https:\/\/legrenierdelamarmotte.fr\/2021\/wp-content\/gallery\/la-brocante\/IMG_41111.jpg\"\n               title=\"\"\n               data-src=\"https:\/\/legrenierdelamarmotte.fr\/2021\/wp-content\/gallery\/la-brocante\/IMG_41111.jpg\"\n               data-thumbnail=\"https:\/\/legrenierdelamarmotte.fr\/2021\/wp-content\/gallery\/la-brocante\/thumbs\/thumbs_IMG_41111.jpg\"\n               data-image-id=\"595\"\n               data-title=\"IMG_41111\"\n               data-description=\"\"\n               data-image-slug=\"img_41111\"\n               class=\"ngg-simplelightbox\" rel=\"c9442097f1a37c7da1b0e48986979081\">\n                <img\n                    title=\"IMG_41111\"\n                    alt=\"IMG_41111\"\n                    src=\"https:\/\/legrenierdelamarmotte.fr\/2021\/wp-content\/gallery\/la-brocante\/thumbs\/thumbs_IMG_41111.jpg\"\n                    width=\"240\"\n                    height=\"160\"\n                    style=\"max-width:100%;\"\n                \/>\n            <\/a>\n        <\/div>\n\t\t\t\t\t\t\t<\/div> \n\t\t\t\n                            \n\t\t\t\t<div id=\"ngg-image-1\" class=\"ngg-gallery-thumbnail-box\" >\n\t\t\t\t        <div class=\"ngg-gallery-thumbnail\">\n            <a href=\"https:\/\/legrenierdelamarmotte.fr\/2021\/wp-content\/gallery\/la-brocante\/IMG_39251.jpg\"\n               title=\"\"\n               data-src=\"https:\/\/legrenierdelamarmotte.fr\/2021\/wp-content\/gallery\/la-brocante\/IMG_39251.jpg\"\n               data-thumbnail=\"https:\/\/legrenierdelamarmotte.fr\/2021\/wp-content\/gallery\/la-brocante\/thumbs\/thumbs_IMG_39251.jpg\"\n               data-image-id=\"594\"\n               data-title=\"IMG_39251\"\n               data-description=\"\"\n               data-image-slug=\"img_39251\"\n               class=\"ngg-simplelightbox\" rel=\"c9442097f1a37c7da1b0e48986979081\">\n                <img\n                    title=\"IMG_39251\"\n                    alt=\"IMG_39251\"\n                    src=\"https:\/\/legrenierdelamarmotte.fr\/2021\/wp-content\/gallery\/la-brocante\/thumbs\/thumbs_IMG_39251.jpg\"\n                    width=\"240\"\n                    height=\"160\"\n                    style=\"max-width:100%;\"\n                \/>\n            <\/a>\n        <\/div>\n\t\t\t\t\t\t\t<\/div> \n\t\t\t\n                            \n\t\t\t\t<div id=\"ngg-image-2\" class=\"ngg-gallery-thumbnail-box\" >\n\t\t\t\t        <div class=\"ngg-gallery-thumbnail\">\n            <a href=\"https:\/\/legrenierdelamarmotte.fr\/2021\/wp-content\/gallery\/la-brocante\/IMG_4008.JPG\"\n               title=\"\"\n               data-src=\"https:\/\/legrenierdelamarmotte.fr\/2021\/wp-content\/gallery\/la-brocante\/IMG_4008.JPG\"\n               data-thumbnail=\"https:\/\/legrenierdelamarmotte.fr\/2021\/wp-content\/gallery\/la-brocante\/thumbs\/thumbs_IMG_4008.JPG\"\n               data-image-id=\"546\"\n               data-title=\"IMG_4008\"\n               data-description=\"\"\n               data-image-slug=\"img_4008\"\n               class=\"ngg-simplelightbox\" rel=\"c9442097f1a37c7da1b0e48986979081\">\n                <img\n                    title=\"IMG_4008\"\n                    alt=\"IMG_4008\"\n                    src=\"https:\/\/legrenierdelamarmotte.fr\/2021\/wp-content\/gallery\/la-brocante\/thumbs\/thumbs_IMG_4008.JPG\"\n                    width=\"240\"\n                    height=\"160\"\n                    style=\"max-width:100%;\"\n                \/>\n            <\/a>\n        <\/div>\n\t\t\t\t\t\t\t<\/div> \n\t\t\t\n                                    <br style=\"clear: both\" \/>\n                    \n\t\t\t\t<div id=\"ngg-image-3\" class=\"ngg-gallery-thumbnail-box\" >\n\t\t\t\t        <div class=\"ngg-gallery-thumbnail\">\n            <a href=\"https:\/\/legrenierdelamarmotte.fr\/2021\/wp-content\/gallery\/la-brocante\/IMG_4011.JPG\"\n               title=\"\"\n               data-src=\"https:\/\/legrenierdelamarmotte.fr\/2021\/wp-content\/gallery\/la-brocante\/IMG_4011.JPG\"\n               data-thumbnail=\"https:\/\/legrenierdelamarmotte.fr\/2021\/wp-content\/gallery\/la-brocante\/thumbs\/thumbs_IMG_4011.JPG\"\n               data-image-id=\"547\"\n               data-title=\"IMG_4011\"\n               data-description=\"\"\n               data-image-slug=\"img_4011\"\n               class=\"ngg-simplelightbox\" rel=\"c9442097f1a37c7da1b0e48986979081\">\n                <img\n                    title=\"IMG_4011\"\n                    alt=\"IMG_4011\"\n                    src=\"https:\/\/legrenierdelamarmotte.fr\/2021\/wp-content\/gallery\/la-brocante\/thumbs\/thumbs_IMG_4011.JPG\"\n                    width=\"240\"\n                    height=\"160\"\n                    style=\"max-width:100%;\"\n                \/>\n            <\/a>\n        <\/div>\n\t\t\t\t\t\t\t<\/div> \n\t\t\t\n                            \n\t\t\t\t<div id=\"ngg-image-4\" class=\"ngg-gallery-thumbnail-box\" >\n\t\t\t\t        <div class=\"ngg-gallery-thumbnail\">\n            <a href=\"https:\/\/legrenierdelamarmotte.fr\/2021\/wp-content\/gallery\/la-brocante\/IMG_4007.JPG\"\n               title=\"\"\n               data-src=\"https:\/\/legrenierdelamarmotte.fr\/2021\/wp-content\/gallery\/la-brocante\/IMG_4007.JPG\"\n               data-thumbnail=\"https:\/\/legrenierdelamarmotte.fr\/2021\/wp-content\/gallery\/la-brocante\/thumbs\/thumbs_IMG_4007.JPG\"\n               data-image-id=\"545\"\n               data-title=\"IMG_4007\"\n               data-description=\"\"\n               data-image-slug=\"img_4007\"\n               class=\"ngg-simplelightbox\" rel=\"c9442097f1a37c7da1b0e48986979081\">\n                <img\n                    title=\"IMG_4007\"\n                    alt=\"IMG_4007\"\n                    src=\"https:\/\/legrenierdelamarmotte.fr\/2021\/wp-content\/gallery\/la-brocante\/thumbs\/thumbs_IMG_4007.JPG\"\n                    width=\"240\"\n                    height=\"160\"\n                    style=\"max-width:100%;\"\n                \/>\n            <\/a>\n        <\/div>\n\t\t\t\t\t\t\t<\/div> \n\t\t\t\n                            \n\t\t\t\t<div id=\"ngg-image-5\" class=\"ngg-gallery-thumbnail-box\" >\n\t\t\t\t        <div class=\"ngg-gallery-thumbnail\">\n            <a href=\"https:\/\/legrenierdelamarmotte.fr\/2021\/wp-content\/gallery\/la-brocante\/IMG_4006.JPG\"\n               title=\"\"\n               data-src=\"https:\/\/legrenierdelamarmotte.fr\/2021\/wp-content\/gallery\/la-brocante\/IMG_4006.JPG\"\n               data-thumbnail=\"https:\/\/legrenierdelamarmotte.fr\/2021\/wp-content\/gallery\/la-brocante\/thumbs\/thumbs_IMG_4006.JPG\"\n               data-image-id=\"543\"\n               data-title=\"IMG_4006\"\n               data-description=\"\"\n               data-image-slug=\"img_4006\"\n               class=\"ngg-simplelightbox\" rel=\"c9442097f1a37c7da1b0e48986979081\">\n                <img\n                    title=\"IMG_4006\"\n                    alt=\"IMG_4006\"\n                    src=\"https:\/\/legrenierdelamarmotte.fr\/2021\/wp-content\/gallery\/la-brocante\/thumbs\/thumbs_IMG_4006.JPG\"\n                    width=\"240\"\n                    height=\"160\"\n                    style=\"max-width:100%;\"\n                \/>\n            <\/a>\n        <\/div>\n\t\t\t\t\t\t\t<\/div> \n\t\t\t\n                                    <br style=\"clear: both\" \/>\n                    \n\t\t\t\t<div id=\"ngg-image-6\" class=\"ngg-gallery-thumbnail-box\" >\n\t\t\t\t        <div class=\"ngg-gallery-thumbnail\">\n            <a href=\"https:\/\/legrenierdelamarmotte.fr\/2021\/wp-content\/gallery\/la-brocante\/IMG_3999.JPG\"\n               title=\"\"\n               data-src=\"https:\/\/legrenierdelamarmotte.fr\/2021\/wp-content\/gallery\/la-brocante\/IMG_3999.JPG\"\n               data-thumbnail=\"https:\/\/legrenierdelamarmotte.fr\/2021\/wp-content\/gallery\/la-brocante\/thumbs\/thumbs_IMG_3999.JPG\"\n               data-image-id=\"544\"\n               data-title=\"IMG_3999\"\n               data-description=\"\"\n               data-image-slug=\"img_3999-1\"\n               class=\"ngg-simplelightbox\" rel=\"c9442097f1a37c7da1b0e48986979081\">\n                <img\n                    title=\"IMG_3999\"\n                    alt=\"IMG_3999\"\n                    src=\"https:\/\/legrenierdelamarmotte.fr\/2021\/wp-content\/gallery\/la-brocante\/thumbs\/thumbs_IMG_3999.JPG\"\n                    width=\"240\"\n                    height=\"160\"\n                    style=\"max-width:100%;\"\n                \/>\n            <\/a>\n        <\/div>\n\t\t\t\t\t\t\t<\/div> \n\t\t\t\n                            \n\t\t\t\t<div id=\"ngg-image-7\" class=\"ngg-gallery-thumbnail-box\" >\n\t\t\t\t        <div class=\"ngg-gallery-thumbnail\">\n            <a href=\"https:\/\/legrenierdelamarmotte.fr\/2021\/wp-content\/gallery\/la-brocante\/IMG_0138.JPG\"\n               title=\"\"\n               data-src=\"https:\/\/legrenierdelamarmotte.fr\/2021\/wp-content\/gallery\/la-brocante\/IMG_0138.JPG\"\n               data-thumbnail=\"https:\/\/legrenierdelamarmotte.fr\/2021\/wp-content\/gallery\/la-brocante\/thumbs\/thumbs_IMG_0138.JPG\"\n               data-image-id=\"1\"\n               data-title=\"IMG_0138\"\n               data-description=\"\"\n               data-image-slug=\"img_0138\"\n               class=\"ngg-simplelightbox\" rel=\"c9442097f1a37c7da1b0e48986979081\">\n                <img\n                    title=\"IMG_0138\"\n                    alt=\"IMG_0138\"\n                    src=\"https:\/\/legrenierdelamarmotte.fr\/2021\/wp-content\/gallery\/la-brocante\/thumbs\/thumbs_IMG_0138.JPG\"\n                    width=\"240\"\n                    height=\"160\"\n                    style=\"max-width:100%;\"\n                \/>\n            <\/a>\n        <\/div>\n\t\t\t\t\t\t\t<\/div> \n\t\t\t\n                            \n\t\t\t\t<div id=\"ngg-image-8\" class=\"ngg-gallery-thumbnail-box\" >\n\t\t\t\t        <div class=\"ngg-gallery-thumbnail\">\n            <a href=\"https:\/\/legrenierdelamarmotte.fr\/2021\/wp-content\/gallery\/la-brocante\/IMG_0140.JPG\"\n               title=\"\"\n               data-src=\"https:\/\/legrenierdelamarmotte.fr\/2021\/wp-content\/gallery\/la-brocante\/IMG_0140.JPG\"\n               data-thumbnail=\"https:\/\/legrenierdelamarmotte.fr\/2021\/wp-content\/gallery\/la-brocante\/thumbs\/thumbs_IMG_0140.JPG\"\n               data-image-id=\"2\"\n               data-title=\"IMG_0140\"\n               data-description=\"\"\n               data-image-slug=\"img_0140\"\n               class=\"ngg-simplelightbox\" rel=\"c9442097f1a37c7da1b0e48986979081\">\n                <img\n                    title=\"IMG_0140\"\n                    alt=\"IMG_0140\"\n                    src=\"https:\/\/legrenierdelamarmotte.fr\/2021\/wp-content\/gallery\/la-brocante\/thumbs\/thumbs_IMG_0140.JPG\"\n                    width=\"240\"\n                    height=\"160\"\n                    style=\"max-width:100%;\"\n                \/>\n            <\/a>\n        <\/div>\n\t\t\t\t\t\t\t<\/div> \n\t\t\t\n                                    <br style=\"clear: both\" \/>\n                    \n\t\t\n\t\t<!-- Pagination -->\n\t<div class='ngg-navigation'><span class='current'>1<\/span>\n<a class='page-numbers' data-pageid='2' href='https:\/\/legrenierdelamarmotte.fr\/2021\/la-brocante-pezenas\/nggallery\/page\/2'>2<\/a>\n<span class='ellipsis'>...<\/span>\n<a class='page-numbers' data-pageid='5' href='https:\/\/legrenierdelamarmotte.fr\/2021\/la-brocante-pezenas\/nggallery\/page\/5'>5<\/a>\n<a class='prev' href='https:\/\/legrenierdelamarmotte.fr\/2021\/la-brocante-pezenas\/nggallery\/page\/2' data-pageid=2>&#9658;<\/a><\/div>\t<\/div>\n\n","protected":false},"excerpt":{"rendered":"<p>Actuellement \u00e0 la boutique Je suis sp\u00e9cialiste du si\u00e8ge en Brocante.Vous trouverez, donc, tout type de mobilier \u00e0 chiner, restaurer ou personnaliser.<\/p>\n","protected":false},"author":1,"featured_media":0,"parent":0,"menu_order":0,"comment_status":"closed","ping_status":"closed","template":"","meta":{"ngg_post_thumbnail":0},"acf":[],"yoast_head":"<!-- This site is optimized with the Yoast SEO plugin v17.6 - https:\/\/yoast.com\/wordpress\/plugins\/seo\/ -->\n<title>La Brocante - Le Grenier de la Marmotte<\/title>\n<meta name=\"description\" content=\"Retrouvez dans notre rubrique brocante tout type de mobilier \u00e0 chiner, restaurer ou personnaliser disponibles dans notre atelier de P\u00e9zenas.\" \/>\n<meta name=\"robots\" content=\"index, follow, max-snippet:-1, max-image-preview:large, max-video-preview:-1\" \/>\n<link rel=\"canonical\" href=\"https:\/\/legrenierdelamarmotte.fr\/2021\/la-brocante-pezenas\/\" \/>\n<meta property=\"og:locale\" content=\"fr_FR\" \/>\n<meta property=\"og:type\" content=\"article\" \/>\n<meta property=\"og:title\" content=\"La Brocante - Le Grenier de la Marmotte\" \/>\n<meta property=\"og:description\" content=\"Retrouvez dans notre rubrique brocante tout type de mobilier \u00e0 chiner, restaurer ou personnaliser disponibles dans notre atelier de P\u00e9zenas.\" \/>\n<meta property=\"og:url\" content=\"https:\/\/legrenierdelamarmotte.fr\/2021\/la-brocante-pezenas\/\" \/>\n<meta property=\"og:site_name\" content=\"Le Grenier de la Marmotte\" \/>\n<meta property=\"article:modified_time\" content=\"2023-11-06T14:43:30+00:00\" \/>\n<meta name=\"twitter:card\" content=\"summary_large_image\" \/>\n<meta name=\"twitter:label1\" content=\"Dur\u00e9e de lecture estim\u00e9e\" \/>\n\t<meta name=\"twitter:data1\" content=\"1 minute\" \/>\n<script type=\"application\/ld+json\" class=\"yoast-schema-graph\">{\"@context\":\"https:\/\/schema.org\",\"@graph\":[{\"@type\":\"WebSite\",\"@id\":\"https:\/\/legrenierdelamarmotte.fr\/2021\/#website\",\"url\":\"https:\/\/legrenierdelamarmotte.fr\/2021\/\",\"name\":\"Le Grenier de la Marmotte\",\"description\":\"Tapissier \\u00e0 P\\u00e9zenas\",\"potentialAction\":[{\"@type\":\"SearchAction\",\"target\":{\"@type\":\"EntryPoint\",\"urlTemplate\":\"https:\/\/legrenierdelamarmotte.fr\/2021\/?s={search_term_string}\"},\"query-input\":\"required name=search_term_string\"}],\"inLanguage\":\"fr-FR\"},{\"@type\":\"WebPage\",\"@id\":\"https:\/\/legrenierdelamarmotte.fr\/2021\/la-brocante-pezenas\/#webpage\",\"url\":\"https:\/\/legrenierdelamarmotte.fr\/2021\/la-brocante-pezenas\/\",\"name\":\"La Brocante - Le Grenier de la Marmotte\",\"isPartOf\":{\"@id\":\"https:\/\/legrenierdelamarmotte.fr\/2021\/#website\"},\"datePublished\":\"2021-11-16T09:19:38+00:00\",\"dateModified\":\"2023-11-06T14:43:30+00:00\",\"description\":\"Retrouvez dans notre rubrique brocante tout type de mobilier \\u00e0 chiner, restaurer ou personnaliser disponibles dans notre atelier de P\\u00e9zenas.\",\"breadcrumb\":{\"@id\":\"https:\/\/legrenierdelamarmotte.fr\/2021\/la-brocante-pezenas\/#breadcrumb\"},\"inLanguage\":\"fr-FR\",\"potentialAction\":[{\"@type\":\"ReadAction\",\"target\":[\"https:\/\/legrenierdelamarmotte.fr\/2021\/la-brocante-pezenas\/\"]}]},{\"@type\":\"BreadcrumbList\",\"@id\":\"https:\/\/legrenierdelamarmotte.fr\/2021\/la-brocante-pezenas\/#breadcrumb\",\"itemListElement\":[{\"@type\":\"ListItem\",\"position\":1,\"name\":\"Accueil\",\"item\":\"https:\/\/legrenierdelamarmotte.fr\/2021\/\"},{\"@type\":\"ListItem\",\"position\":2,\"name\":\"La Brocante\"}]}]}<\/script>\n<!-- \/ Yoast SEO plugin. -->","yoast_head_json":{"title":"La Brocante - Le Grenier de la Marmotte","description":"Retrouvez dans notre rubrique brocante tout type de mobilier \u00e0 chiner, restaurer ou personnaliser disponibles dans notre atelier de P\u00e9zenas.","robots":{"index":"index","follow":"follow","max-snippet":"max-snippet:-1","max-image-preview":"max-image-preview:large","max-video-preview":"max-video-preview:-1"},"canonical":"https:\/\/legrenierdelamarmotte.fr\/2021\/la-brocante-pezenas\/","og_locale":"fr_FR","og_type":"article","og_title":"La Brocante - Le Grenier de la Marmotte","og_description":"Retrouvez dans notre rubrique brocante tout type de mobilier \u00e0 chiner, restaurer ou personnaliser disponibles dans notre atelier de P\u00e9zenas.","og_url":"https:\/\/legrenierdelamarmotte.fr\/2021\/la-brocante-pezenas\/","og_site_name":"Le Grenier de la Marmotte","article_modified_time":"2023-11-06T14:43:30+00:00","twitter_card":"summary_large_image","twitter_misc":{"Dur\u00e9e de lecture estim\u00e9e":"1 minute"},"schema":{"@context":"https:\/\/schema.org","@graph":[{"@type":"WebSite","@id":"https:\/\/legrenierdelamarmotte.fr\/2021\/#website","url":"https:\/\/legrenierdelamarmotte.fr\/2021\/","name":"Le Grenier de la Marmotte","description":"Tapissier \u00e0 P\u00e9zenas","potentialAction":[{"@type":"SearchAction","target":{"@type":"EntryPoint","urlTemplate":"https:\/\/legrenierdelamarmotte.fr\/2021\/?s={search_term_string}"},"query-input":"required name=search_term_string"}],"inLanguage":"fr-FR"},{"@type":"WebPage","@id":"https:\/\/legrenierdelamarmotte.fr\/2021\/la-brocante-pezenas\/#webpage","url":"https:\/\/legrenierdelamarmotte.fr\/2021\/la-brocante-pezenas\/","name":"La Brocante - Le Grenier de la Marmotte","isPartOf":{"@id":"https:\/\/legrenierdelamarmotte.fr\/2021\/#website"},"datePublished":"2021-11-16T09:19:38+00:00","dateModified":"2023-11-06T14:43:30+00:00","description":"Retrouvez dans notre rubrique brocante tout type de mobilier \u00e0 chiner, restaurer ou personnaliser disponibles dans notre atelier de P\u00e9zenas.","breadcrumb":{"@id":"https:\/\/legrenierdelamarmotte.fr\/2021\/la-brocante-pezenas\/#breadcrumb"},"inLanguage":"fr-FR","potentialAction":[{"@type":"ReadAction","target":["https:\/\/legrenierdelamarmotte.fr\/2021\/la-brocante-pezenas\/"]}]},{"@type":"BreadcrumbList","@id":"https:\/\/legrenierdelamarmotte.fr\/2021\/la-brocante-pezenas\/#breadcrumb","itemListElement":[{"@type":"ListItem","position":1,"name":"Accueil","item":"https:\/\/legrenierdelamarmotte.fr\/2021\/"},{"@type":"ListItem","position":2,"name":"La Brocante"}]}]}},"_links":{"self":[{"href":"https:\/\/legrenierdelamarmotte.fr\/2021\/wp-json\/wp\/v2\/pages\/87"}],"collection":[{"href":"https:\/\/legrenierdelamarmotte.fr\/2021\/wp-json\/wp\/v2\/pages"}],"about":[{"href":"https:\/\/legrenierdelamarmotte.fr\/2021\/wp-json\/wp\/v2\/types\/page"}],"author":[{"embeddable":true,"href":"https:\/\/legrenierdelamarmotte.fr\/2021\/wp-json\/wp\/v2\/users\/1"}],"replies":[{"embeddable":true,"href":"https:\/\/legrenierdelamarmotte.fr\/2021\/wp-json\/wp\/v2\/comments?post=87"}],"version-history":[{"count":29,"href":"https:\/\/legrenierdelamarmotte.fr\/2021\/wp-json\/wp\/v2\/pages\/87\/revisions"}],"predecessor-version":[{"id":1083,"href":"https:\/\/legrenierdelamarmotte.fr\/2021\/wp-json\/wp\/v2\/pages\/87\/revisions\/1083"}],"wp:attachment":[{"href":"https:\/\/legrenierdelamarmotte.fr\/2021\/wp-json\/wp\/v2\/media?parent=87"}],"curies":[{"name":"wp","href":"https:\/\/api.w.org\/{rel}","templated":true}]}}